{"id":434,"date":"2023-11-01T20:04:08","date_gmt":"2023-11-01T20:04:08","guid":{"rendered":"https:\/\/contratarplanosdesaude.com.br\/corretora-medsenior\/?page_id=434"},"modified":"2024-01-09T15:10:27","modified_gmt":"2024-01-09T15:10:27","slug":"blog","status":"publish","type":"page","link":"https:\/\/contratarplanosdesaude.com.br\/corretora-medsenior\/blog\/","title":{"rendered":"Blog"},"content":{"rendered":"  <div id=\"page-header-1121952347\" class=\"page-header-wrapper\">\n  <div class=\"page-title dark featured-title\">\n\n    \n    <div class=\"page-title-inner container align-center flex-row medium-flex-wrap\" >\n              <div class=\"title-wrapper flex-col text-left medium-text-center\">\n          <h1 class=\"entry-title mb-0\">\n            Noticias Plano Meds\u00eanior          <\/h1>\n        <\/div>\n                    <div class=\"title-content flex-col flex-right text-right medium-text-center\">\n        <div class=\"title-breadcrumbs pb-half pt-half\"><\/div>      <\/div>\n    <\/div>\n\n       <\/div>\n    <\/div>\n  \n\t<section class=\"section\" id=\"section_1341103574\">\n\t\t<div class=\"bg section-bg fill bg-fill  bg-loaded\" >\n\n\t\t\t\n\t\t\t\n\t\t\t\n\n\t\t<\/div>\n\n\t\t\n\n\t\t<div class=\"section-content relative\">\n\t\t\t\n<div class=\"row\"  id=\"row-275505660\">\n\n\t<div id=\"col-1946945583\" class=\"col small-12 large-12\"  >\n\t\t\t\t<div class=\"col-inner dark\" style=\"background-color:#a0c832;\" >\n\t\t\t\n\t\t\t\n<h2 style=\"text-align: center;\">Pagina voltada para divulgar novidades e noticias do plano de sa\u00fade Meds\u00eanior Sa\u00fade.<\/h2>\n\t\t<\/div>\n\t\t\t\t\n<style>\n#col-1946945583 > .col-inner {\n  padding: 15px 15px 15px 15px;\n}\n<\/style>\n\t<\/div>\n\n\t\n<\/div>\n\t\t<\/div>\n\n\t\t\n<style>\n#section_1341103574 {\n  padding-top: 30px;\n  padding-bottom: 30px;\n}\n#section_1341103574 .ux-shape-divider--top svg {\n  height: 150px;\n  --divider-top-width: 100%;\n}\n#section_1341103574 .ux-shape-divider--bottom svg {\n  height: 150px;\n  --divider-width: 100%;\n}\n<\/style>\n\t<\/section>\n\t\n\t<section class=\"section\" id=\"section_221639976\">\n\t\t<div class=\"bg section-bg fill bg-fill  bg-loaded\" >\n\n\t\t\t\n\t\t\t\n\t\t\t\n\n\t\t<\/div>\n\n\t\t\n\n\t\t<div class=\"section-content relative\">\n\t\t\t\n\n  \n    <div class=\"row large-columns-3 medium-columns-1 small-columns-1 has-shadow row-box-shadow-2\">\n  <div class=\"col post-item\" >\n\t\t\t<div class=\"col-inner\">\n\t\t\t<a href=\"https:\/\/contratarplanosdesaude.com.br\/corretora-medsenior\/tabela-medsenior-sao-paulo-2024\/\" class=\"plain\">\n\t\t\t\t<div class=\"box box-normal box-text-bottom box-blog-post has-hover\">\n            \t\t\t\t\t<div class=\"box-image\" >\n  \t\t\t\t\t\t<div class=\"image-cover\" style=\"padding-top:56.25%;\">\n  \t\t\t\t\t\t\t<img loading=\"lazy\" decoding=\"async\" width=\"300\" height=\"200\" src=\"https:\/\/contratarplanosdesaude.com.br\/corretora-medsenior\/wp-content\/uploads\/2024\/07\/Tabela-Medsenior-Sao-Paulo-1-300x200.jpg\" class=\"attachment-medium size-medium wp-post-image\" alt=\"Tabela Medsenior S\u00e3o Paulo\" srcset=\"https:\/\/contratarplanosdesaude.com.br\/corretora-medsenior\/wp-content\/uploads\/2024\/07\/Tabela-Medsenior-Sao-Paulo-1-300x200.jpg 300w, https:\/\/contratarplanosdesaude.com.br\/corretora-medsenior\/wp-content\/uploads\/2024\/07\/Tabela-Medsenior-Sao-Paulo-1-768x513.jpg 768w, https:\/\/contratarplanosdesaude.com.br\/corretora-medsenior\/wp-content\/uploads\/2024\/07\/Tabela-Medsenior-Sao-Paulo-1.jpg 898w\" sizes=\"auto, (max-width: 300px) 100vw, 300px\" \/>  \t\t\t\t\t\t\t  \t\t\t\t\t\t\t  \t\t\t\t\t\t<\/div>\n  \t\t\t\t\t\t  \t\t\t\t\t<\/div>\n          \t\t\t\t\t<div class=\"box-text text-center\" >\n\t\t\t\t\t<div class=\"box-text-inner blog-post-inner\">\n\n\t\t\t\t\t\n\t\t\t\t\t\t\t\t\t\t<h5 class=\"post-title is-large \">Tabela Meds\u00eanior S\u00e3o Paulo 2024<\/h5>\n\t\t\t\t\t\t\t\t\t\t<div class=\"is-divider\"><\/div>\n\t\t\t\t\t\t\t\t\t\t<p class=\"from_the_blog_excerpt \">Plano MedS\u00eanior em S\u00e3o Paulo Voc\u00ea procura um plano de sa\u00fade voltado especialmente para a terceira idade? A MedS\u00eanior \u00e9 a op\u00e7\u00e3o perfeita para voc\u00ea! E agora, com a parceria [...]\t\t\t\t\t<\/p>\n\t\t\t\t\t                    \n\t\t\t\t\t\t\t\t\t\t\t<button href=\"https:\/\/contratarplanosdesaude.com.br\/corretora-medsenior\/tabela-medsenior-sao-paulo-2024\/\" class=\"button primary is-underline is-small mb-0\">\n\t\t\t\t\t\t\tSaiba Mais\t\t\t\t\t\t<\/button>\n\t\t\t\t\t\n\t\t\t\t\t\n\t\t\t\t\t<\/div>\n\t\t\t\t\t<\/div>\n\t\t\t\t\t\t\t\t\t\t\t\t\t\t\t\t<div class=\"badge absolute top post-date badge-outline\">\n\t\t\t\t\t\t\t<div class=\"badge-inner\">\n\t\t\t\t\t\t\t\t<span class=\"post-date-day\">26<\/span><br>\n\t\t\t\t\t\t\t\t<span class=\"post-date-month is-xsmall\">jul<\/span>\n\t\t\t\t\t\t\t<\/div>\n\t\t\t\t\t\t<\/div>\n\t\t\t\t\t\t\t\t\t<\/div>\n\t\t\t\t<\/a>\n\t\t\t<\/div>\n\t\t<\/div><div class=\"col post-item\" >\n\t\t\t<div class=\"col-inner\">\n\t\t\t<a href=\"https:\/\/contratarplanosdesaude.com.br\/corretora-medsenior\/nova-unidade-medsenior-avenida-brasil-em-sao-paulo\/\" class=\"plain\">\n\t\t\t\t<div class=\"box box-normal box-text-bottom box-blog-post has-hover\">\n            \t\t\t\t\t<div class=\"box-image\" >\n  \t\t\t\t\t\t<div class=\"image-cover\" style=\"padding-top:56.25%;\">\n  \t\t\t\t\t\t\t<img loading=\"lazy\" decoding=\"async\" width=\"300\" height=\"202\" src=\"https:\/\/contratarplanosdesaude.com.br\/corretora-medsenior\/wp-content\/uploads\/2023\/12\/Nova-Unidade-MedSenior-Avenida-Brasil-Sao-Paulo-300x202.jpg\" class=\"attachment-medium size-medium wp-post-image\" alt=\"Nova Unidade MedS\u00eanior Avenida Brasil, S\u00e3o Paulo\" srcset=\"https:\/\/contratarplanosdesaude.com.br\/corretora-medsenior\/wp-content\/uploads\/2023\/12\/Nova-Unidade-MedSenior-Avenida-Brasil-Sao-Paulo-300x202.jpg 300w, https:\/\/contratarplanosdesaude.com.br\/corretora-medsenior\/wp-content\/uploads\/2023\/12\/Nova-Unidade-MedSenior-Avenida-Brasil-Sao-Paulo.jpg 460w\" sizes=\"auto, (max-width: 300px) 100vw, 300px\" \/>  \t\t\t\t\t\t\t  \t\t\t\t\t\t\t  \t\t\t\t\t\t<\/div>\n  \t\t\t\t\t\t  \t\t\t\t\t<\/div>\n          \t\t\t\t\t<div class=\"box-text text-center\" >\n\t\t\t\t\t<div class=\"box-text-inner blog-post-inner\">\n\n\t\t\t\t\t\n\t\t\t\t\t\t\t\t\t\t<h5 class=\"post-title is-large \">Nova Unidade MedS\u00eanior Avenida Brasil em S\u00e3o Paulo<\/h5>\n\t\t\t\t\t\t\t\t\t\t<div class=\"is-divider\"><\/div>\n\t\t\t\t\t\t\t\t\t\t<p class=\"from_the_blog_excerpt \">Nova Unidade MedS\u00eanior na Avenida Brasil em S\u00e3o Paulo A inaugura\u00e7\u00e3o da mais nova unidade MedS\u00eanior na Avenida Brasil, em S\u00e3o Paulo, neste dia 11 de dezembro de 2023, traz [...]\t\t\t\t\t<\/p>\n\t\t\t\t\t                    \n\t\t\t\t\t\t\t\t\t\t\t<button href=\"https:\/\/contratarplanosdesaude.com.br\/corretora-medsenior\/nova-unidade-medsenior-avenida-brasil-em-sao-paulo\/\" class=\"button primary is-underline is-small mb-0\">\n\t\t\t\t\t\t\tSaiba Mais\t\t\t\t\t\t<\/button>\n\t\t\t\t\t\n\t\t\t\t\t\n\t\t\t\t\t<\/div>\n\t\t\t\t\t<\/div>\n\t\t\t\t\t\t\t\t\t\t\t\t\t\t\t\t<div class=\"badge absolute top post-date badge-outline\">\n\t\t\t\t\t\t\t<div class=\"badge-inner\">\n\t\t\t\t\t\t\t\t<span class=\"post-date-day\">20<\/span><br>\n\t\t\t\t\t\t\t\t<span class=\"post-date-month is-xsmall\">dez<\/span>\n\t\t\t\t\t\t\t<\/div>\n\t\t\t\t\t\t<\/div>\n\t\t\t\t\t\t\t\t\t<\/div>\n\t\t\t\t<\/a>\n\t\t\t<\/div>\n\t\t<\/div><div class=\"col post-item\" >\n\t\t\t<div class=\"col-inner\">\n\t\t\t<a href=\"https:\/\/contratarplanosdesaude.com.br\/corretora-medsenior\/nova-unidade-medsenior-em-bh\/\" class=\"plain\">\n\t\t\t\t<div class=\"box box-normal box-text-bottom box-blog-post has-hover\">\n            \t\t\t\t\t<div class=\"box-image\" >\n  \t\t\t\t\t\t<div class=\"image-cover\" style=\"padding-top:56.25%;\">\n  \t\t\t\t\t\t\t<img loading=\"lazy\" decoding=\"async\" width=\"300\" height=\"202\" src=\"https:\/\/contratarplanosdesaude.com.br\/corretora-medsenior\/wp-content\/uploads\/2023\/12\/Foto-Hospital-Medsenior-BH-300x202.jpg\" class=\"attachment-medium size-medium wp-post-image\" alt=\"Foto Hospital Medsenior BH\" srcset=\"https:\/\/contratarplanosdesaude.com.br\/corretora-medsenior\/wp-content\/uploads\/2023\/12\/Foto-Hospital-Medsenior-BH-300x202.jpg 300w, https:\/\/contratarplanosdesaude.com.br\/corretora-medsenior\/wp-content\/uploads\/2023\/12\/Foto-Hospital-Medsenior-BH.jpg 460w\" sizes=\"auto, (max-width: 300px) 100vw, 300px\" \/>  \t\t\t\t\t\t\t  \t\t\t\t\t\t\t  \t\t\t\t\t\t<\/div>\n  \t\t\t\t\t\t  \t\t\t\t\t<\/div>\n          \t\t\t\t\t<div class=\"box-text text-center\" >\n\t\t\t\t\t<div class=\"box-text-inner blog-post-inner\">\n\n\t\t\t\t\t\n\t\t\t\t\t\t\t\t\t\t<h5 class=\"post-title is-large \">Nova unidade MedS\u00eanior em BH<\/h5>\n\t\t\t\t\t\t\t\t\t\t<div class=\"is-divider\"><\/div>\n\t\t\t\t\t\t\t\t\t\t<p class=\"from_the_blog_excerpt \">Conhe\u00e7a a nova unidade MedS\u00eanior em BH A MedS\u00eanior inaugurou, em Belo Horizonte, Minas Gerais, uma nova unidade de pronto-socorro 24 horas e oncologia com mais de 2.000 m\u00b2. Al\u00e9m [...]\t\t\t\t\t<\/p>\n\t\t\t\t\t                    \n\t\t\t\t\t\t\t\t\t\t\t<button href=\"https:\/\/contratarplanosdesaude.com.br\/corretora-medsenior\/nova-unidade-medsenior-em-bh\/\" class=\"button primary is-underline is-small mb-0\">\n\t\t\t\t\t\t\tSaiba Mais\t\t\t\t\t\t<\/button>\n\t\t\t\t\t\n\t\t\t\t\t\n\t\t\t\t\t<\/div>\n\t\t\t\t\t<\/div>\n\t\t\t\t\t\t\t\t\t\t\t\t\t\t\t\t<div class=\"badge absolute top post-date badge-outline\">\n\t\t\t\t\t\t\t<div class=\"badge-inner\">\n\t\t\t\t\t\t\t\t<span class=\"post-date-day\">05<\/span><br>\n\t\t\t\t\t\t\t\t<span class=\"post-date-month is-xsmall\">dez<\/span>\n\t\t\t\t\t\t\t<\/div>\n\t\t\t\t\t\t<\/div>\n\t\t\t\t\t\t\t\t\t<\/div>\n\t\t\t\t<\/a>\n\t\t\t<\/div>\n\t\t<\/div><div class=\"col post-item\" >\n\t\t\t<div class=\"col-inner\">\n\t\t\t<a href=\"https:\/\/contratarplanosdesaude.com.br\/corretora-medsenior\/plano-de-saude-para-terceira-idade\/\" class=\"plain\">\n\t\t\t\t<div class=\"box box-normal box-text-bottom box-blog-post has-hover\">\n            \t\t\t\t\t<div class=\"box-image\" >\n  \t\t\t\t\t\t<div class=\"image-cover\" style=\"padding-top:56.25%;\">\n  \t\t\t\t\t\t\t<img loading=\"lazy\" decoding=\"async\" width=\"300\" height=\"200\" src=\"https:\/\/contratarplanosdesaude.com.br\/corretora-medsenior\/wp-content\/uploads\/2023\/11\/Plano-de-Saude-para-terceira-idade-300x200.jpg\" class=\"attachment-medium size-medium wp-post-image\" alt=\"Plano de Sa\u00fade para terceira idade\" srcset=\"https:\/\/contratarplanosdesaude.com.br\/corretora-medsenior\/wp-content\/uploads\/2023\/11\/Plano-de-Saude-para-terceira-idade-300x200.jpg 300w, https:\/\/contratarplanosdesaude.com.br\/corretora-medsenior\/wp-content\/uploads\/2023\/11\/Plano-de-Saude-para-terceira-idade-768x512.jpg 768w, https:\/\/contratarplanosdesaude.com.br\/corretora-medsenior\/wp-content\/uploads\/2023\/11\/Plano-de-Saude-para-terceira-idade.jpg 800w\" sizes=\"auto, (max-width: 300px) 100vw, 300px\" \/>  \t\t\t\t\t\t\t  \t\t\t\t\t\t\t  \t\t\t\t\t\t<\/div>\n  \t\t\t\t\t\t  \t\t\t\t\t<\/div>\n          \t\t\t\t\t<div class=\"box-text text-center\" >\n\t\t\t\t\t<div class=\"box-text-inner blog-post-inner\">\n\n\t\t\t\t\t\n\t\t\t\t\t\t\t\t\t\t<h5 class=\"post-title is-large \">Plano de Sa\u00fade para terceira idade<\/h5>\n\t\t\t\t\t\t\t\t\t\t<div class=\"is-divider\"><\/div>\n\t\t\t\t\t\t\t\t\t\t<p class=\"from_the_blog_excerpt \">Plano de Sa\u00fade para terceira idade: tudo o que voc\u00ea precisa saber Contar com\u00a0plano de sa\u00fade para terceira idade\u00a0\u00e9 primordial para garantir um\u00a0envelhecimento saud\u00e1vel. Segundo o\u00a0Instituto Brasileiro de Geografia e [...]\t\t\t\t\t<\/p>\n\t\t\t\t\t                    \n\t\t\t\t\t\t\t\t\t\t\t<button href=\"https:\/\/contratarplanosdesaude.com.br\/corretora-medsenior\/plano-de-saude-para-terceira-idade\/\" class=\"button primary is-underline is-small mb-0\">\n\t\t\t\t\t\t\tSaiba Mais\t\t\t\t\t\t<\/button>\n\t\t\t\t\t\n\t\t\t\t\t\n\t\t\t\t\t<\/div>\n\t\t\t\t\t<\/div>\n\t\t\t\t\t\t\t\t\t\t\t\t\t\t\t\t<div class=\"badge absolute top post-date badge-outline\">\n\t\t\t\t\t\t\t<div class=\"badge-inner\">\n\t\t\t\t\t\t\t\t<span class=\"post-date-day\">13<\/span><br>\n\t\t\t\t\t\t\t\t<span class=\"post-date-month is-xsmall\">nov<\/span>\n\t\t\t\t\t\t\t<\/div>\n\t\t\t\t\t\t<\/div>\n\t\t\t\t\t\t\t\t\t<\/div>\n\t\t\t\t<\/a>\n\t\t\t<\/div>\n\t\t<\/div><div class=\"col post-item\" >\n\t\t\t<div class=\"col-inner\">\n\t\t\t<a href=\"https:\/\/contratarplanosdesaude.com.br\/corretora-medsenior\/seguranca-na-liberacao-de-consultas\/\" class=\"plain\">\n\t\t\t\t<div class=\"box box-normal box-text-bottom box-blog-post has-hover\">\n            \t\t\t\t\t<div class=\"box-image\" >\n  \t\t\t\t\t\t<div class=\"image-cover\" style=\"padding-top:56.25%;\">\n  \t\t\t\t\t\t\t<img loading=\"lazy\" decoding=\"async\" width=\"300\" height=\"200\" src=\"https:\/\/contratarplanosdesaude.com.br\/corretora-medsenior\/wp-content\/uploads\/2023\/11\/Seguranca-na-liberacao-de-consultas-300x200.jpg\" class=\"attachment-medium size-medium wp-post-image\" alt=\"Seguran\u00e7a na libera\u00e7\u00e3o de consultas\" srcset=\"https:\/\/contratarplanosdesaude.com.br\/corretora-medsenior\/wp-content\/uploads\/2023\/11\/Seguranca-na-liberacao-de-consultas-300x200.jpg 300w, https:\/\/contratarplanosdesaude.com.br\/corretora-medsenior\/wp-content\/uploads\/2023\/11\/Seguranca-na-liberacao-de-consultas-768x512.jpg 768w, https:\/\/contratarplanosdesaude.com.br\/corretora-medsenior\/wp-content\/uploads\/2023\/11\/Seguranca-na-liberacao-de-consultas.jpg 860w\" sizes=\"auto, (max-width: 300px) 100vw, 300px\" \/>  \t\t\t\t\t\t\t  \t\t\t\t\t\t\t  \t\t\t\t\t\t<\/div>\n  \t\t\t\t\t\t  \t\t\t\t\t<\/div>\n          \t\t\t\t\t<div class=\"box-text text-center\" >\n\t\t\t\t\t<div class=\"box-text-inner blog-post-inner\">\n\n\t\t\t\t\t\n\t\t\t\t\t\t\t\t\t\t<h5 class=\"post-title is-large \">Seguran\u00e7a na libera\u00e7\u00e3o de consultas<\/h5>\n\t\t\t\t\t\t\t\t\t\t<div class=\"is-divider\"><\/div>\n\t\t\t\t\t\t\t\t\t\t<p class=\"from_the_blog_excerpt \">Mais seguran\u00e7a para voc\u00ea utilizar o sistema de consulta de autoriza\u00e7\u00f5es da MedS\u00eanior Para garantir a sua seguran\u00e7a na utiliza\u00e7\u00e3o do nosso sistema, implementamos uma nova tela de autentica\u00e7\u00e3o no [...]\t\t\t\t\t<\/p>\n\t\t\t\t\t                    \n\t\t\t\t\t\t\t\t\t\t\t<button href=\"https:\/\/contratarplanosdesaude.com.br\/corretora-medsenior\/seguranca-na-liberacao-de-consultas\/\" class=\"button primary is-underline is-small mb-0\">\n\t\t\t\t\t\t\tSaiba Mais\t\t\t\t\t\t<\/button>\n\t\t\t\t\t\n\t\t\t\t\t\n\t\t\t\t\t<\/div>\n\t\t\t\t\t<\/div>\n\t\t\t\t\t\t\t\t\t\t\t\t\t\t\t\t<div class=\"badge absolute top post-date badge-outline\">\n\t\t\t\t\t\t\t<div class=\"badge-inner\">\n\t\t\t\t\t\t\t\t<span class=\"post-date-day\">13<\/span><br>\n\t\t\t\t\t\t\t\t<span class=\"post-date-month is-xsmall\">nov<\/span>\n\t\t\t\t\t\t\t<\/div>\n\t\t\t\t\t\t<\/div>\n\t\t\t\t\t\t\t\t\t<\/div>\n\t\t\t\t<\/a>\n\t\t\t<\/div>\n\t\t<\/div><div class=\"col post-item\" >\n\t\t\t<div class=\"col-inner\">\n\t\t\t<a href=\"https:\/\/contratarplanosdesaude.com.br\/corretora-medsenior\/medicina-preventiva\/\" class=\"plain\">\n\t\t\t\t<div class=\"box box-normal box-text-bottom box-blog-post has-hover\">\n            \t\t\t\t\t<div class=\"box-image\" >\n  \t\t\t\t\t\t<div class=\"image-cover\" style=\"padding-top:56.25%;\">\n  \t\t\t\t\t\t\t<img loading=\"lazy\" decoding=\"async\" width=\"300\" height=\"200\" src=\"https:\/\/contratarplanosdesaude.com.br\/corretora-medsenior\/wp-content\/uploads\/2023\/11\/foto-medico-medicina-preventiva-medsenior-300x200.jpg\" class=\"attachment-medium size-medium wp-post-image\" alt=\"foto medico medicina preventiva medsenior\" srcset=\"https:\/\/contratarplanosdesaude.com.br\/corretora-medsenior\/wp-content\/uploads\/2023\/11\/foto-medico-medicina-preventiva-medsenior-300x200.jpg 300w, https:\/\/contratarplanosdesaude.com.br\/corretora-medsenior\/wp-content\/uploads\/2023\/11\/foto-medico-medicina-preventiva-medsenior-1024x683.jpg 1024w, https:\/\/contratarplanosdesaude.com.br\/corretora-medsenior\/wp-content\/uploads\/2023\/11\/foto-medico-medicina-preventiva-medsenior-768x512.jpg 768w, https:\/\/contratarplanosdesaude.com.br\/corretora-medsenior\/wp-content\/uploads\/2023\/11\/foto-medico-medicina-preventiva-medsenior.jpg 1254w\" sizes=\"auto, (max-width: 300px) 100vw, 300px\" \/>  \t\t\t\t\t\t\t  \t\t\t\t\t\t\t  \t\t\t\t\t\t<\/div>\n  \t\t\t\t\t\t  \t\t\t\t\t<\/div>\n          \t\t\t\t\t<div class=\"box-text text-center\" >\n\t\t\t\t\t<div class=\"box-text-inner blog-post-inner\">\n\n\t\t\t\t\t\n\t\t\t\t\t\t\t\t\t\t<h5 class=\"post-title is-large \">Medicina Preventiva<\/h5>\n\t\t\t\t\t\t\t\t\t\t<div class=\"is-divider\"><\/div>\n\t\t\t\t\t\t\t\t\t\t<p class=\"from_the_blog_excerpt \">Medicina Preventiva Terceira Idade MedS\u00eanior O Plano de Sa\u00fade Meds\u00eanior \u00e9 diferente dos outros planos porque n\u00e3o est\u00e1 focado apenas nos atendimentos ambulatoriais e hospitalares. Ele tamb\u00e9m cuida da sa\u00fade [...]\t\t\t\t\t<\/p>\n\t\t\t\t\t                    \n\t\t\t\t\t\t\t\t\t\t\t<button href=\"https:\/\/contratarplanosdesaude.com.br\/corretora-medsenior\/medicina-preventiva\/\" class=\"button primary is-underline is-small mb-0\">\n\t\t\t\t\t\t\tSaiba Mais\t\t\t\t\t\t<\/button>\n\t\t\t\t\t\n\t\t\t\t\t\n\t\t\t\t\t<\/div>\n\t\t\t\t\t<\/div>\n\t\t\t\t\t\t\t\t\t\t\t\t\t\t\t\t<div class=\"badge absolute top post-date badge-outline\">\n\t\t\t\t\t\t\t<div class=\"badge-inner\">\n\t\t\t\t\t\t\t\t<span class=\"post-date-day\">01<\/span><br>\n\t\t\t\t\t\t\t\t<span class=\"post-date-month is-xsmall\">nov<\/span>\n\t\t\t\t\t\t\t<\/div>\n\t\t\t\t\t\t<\/div>\n\t\t\t\t\t\t\t\t\t<\/div>\n\t\t\t\t<\/a>\n\t\t\t<\/div>\n\t\t<\/div><\/div>\n\t\t<\/div>\n\n\t\t\n<style>\n#section_221639976 {\n  padding-top: 30px;\n  padding-bottom: 30px;\n}\n#section_221639976 .ux-shape-divider--top svg {\n  height: 150px;\n  --divider-top-width: 100%;\n}\n#section_221639976 .ux-shape-divider--bottom svg {\n  height: 150px;\n  --divider-width: 100%;\n}\n<\/style>\n\t<\/section>\n\t\n","protected":false},"excerpt":{"rendered":"","protected":false},"author":2,"featured_media":0,"parent":0,"menu_order":0,"comment_status":"closed","ping_status":"closed","template":"page-blank.php","meta":{"footnotes":""},"class_list":["post-434","page","type-page","status-publish","hentry"],"yoast_head":"<!-- This site is optimized with the Yoast SEO plugin v25.2 - https:\/\/yoast.com\/wordpress\/plugins\/seo\/ -->\n<title>Blog - MedS\u00eanior<\/title>\n<meta name=\"robots\" content=\"index, follow, max-snippet:-1, max-image-preview:large, max-video-preview:-1\" \/>\n<link rel=\"canonical\" href=\"https:\/\/contratarplanosdesaude.com.br\/corretora-medsenior\/blog\/\" \/>\n<meta property=\"og:locale\" content=\"pt_BR\" \/>\n<meta property=\"og:type\" content=\"article\" \/>\n<meta property=\"og:title\" content=\"Blog - MedS\u00eanior\" \/>\n<meta property=\"og:url\" content=\"https:\/\/contratarplanosdesaude.com.br\/corretora-medsenior\/blog\/\" \/>\n<meta property=\"og:site_name\" content=\"MedS\u00eanior\" \/>\n<meta property=\"article:modified_time\" content=\"2024-01-09T15:10:27+00:00\" \/>\n<meta name=\"twitter:card\" content=\"summary_large_image\" \/>\n<script type=\"application\/ld+json\" class=\"yoast-schema-graph\">{\"@context\":\"https:\/\/schema.org\",\"@graph\":[{\"@type\":\"WebPage\",\"@id\":\"https:\/\/contratarplanosdesaude.com.br\/corretora-medsenior\/blog\/\",\"url\":\"https:\/\/contratarplanosdesaude.com.br\/corretora-medsenior\/blog\/\",\"name\":\"Blog - MedS\u00eanior\",\"isPartOf\":{\"@id\":\"https:\/\/contratarplanosdesaude.com.br\/corretora-medsenior\/#website\"},\"datePublished\":\"2023-11-01T20:04:08+00:00\",\"dateModified\":\"2024-01-09T15:10:27+00:00\",\"breadcrumb\":{\"@id\":\"https:\/\/contratarplanosdesaude.com.br\/corretora-medsenior\/blog\/#breadcrumb\"},\"inLanguage\":\"pt-BR\",\"potentialAction\":[{\"@type\":\"ReadAction\",\"target\":[\"https:\/\/contratarplanosdesaude.com.br\/corretora-medsenior\/blog\/\"]}]},{\"@type\":\"BreadcrumbList\",\"@id\":\"https:\/\/contratarplanosdesaude.com.br\/corretora-medsenior\/blog\/#breadcrumb\",\"itemListElement\":[{\"@type\":\"ListItem\",\"position\":1,\"name\":\"In\u00edcio\",\"item\":\"https:\/\/contratarplanosdesaude.com.br\/corretora-medsenior\/\"},{\"@type\":\"ListItem\",\"position\":2,\"name\":\"Blog\"}]},{\"@type\":\"WebSite\",\"@id\":\"https:\/\/contratarplanosdesaude.com.br\/corretora-medsenior\/#website\",\"url\":\"https:\/\/contratarplanosdesaude.com.br\/corretora-medsenior\/\",\"name\":\"MedS\u00eanior\",\"description\":\"Plano de sa\u00fade S\u00eanior\",\"potentialAction\":[{\"@type\":\"SearchAction\",\"target\":{\"@type\":\"EntryPoint\",\"urlTemplate\":\"https:\/\/contratarplanosdesaude.com.br\/corretora-medsenior\/?s={search_term_string}\"},\"query-input\":{\"@type\":\"PropertyValueSpecification\",\"valueRequired\":true,\"valueName\":\"search_term_string\"}}],\"inLanguage\":\"pt-BR\"}]}<\/script>\n<!-- \/ Yoast SEO plugin. -->","yoast_head_json":{"title":"Blog - MedS\u00eanior","robots":{"index":"index","follow":"follow","max-snippet":"max-snippet:-1","max-image-preview":"max-image-preview:large","max-video-preview":"max-video-preview:-1"},"canonical":"https:\/\/contratarplanosdesaude.com.br\/corretora-medsenior\/blog\/","og_locale":"pt_BR","og_type":"article","og_title":"Blog - MedS\u00eanior","og_url":"https:\/\/contratarplanosdesaude.com.br\/corretora-medsenior\/blog\/","og_site_name":"MedS\u00eanior","article_modified_time":"2024-01-09T15:10:27+00:00","twitter_card":"summary_large_image","schema":{"@context":"https:\/\/schema.org","@graph":[{"@type":"WebPage","@id":"https:\/\/contratarplanosdesaude.com.br\/corretora-medsenior\/blog\/","url":"https:\/\/contratarplanosdesaude.com.br\/corretora-medsenior\/blog\/","name":"Blog - MedS\u00eanior","isPartOf":{"@id":"https:\/\/contratarplanosdesaude.com.br\/corretora-medsenior\/#website"},"datePublished":"2023-11-01T20:04:08+00:00","dateModified":"2024-01-09T15:10:27+00:00","breadcrumb":{"@id":"https:\/\/contratarplanosdesaude.com.br\/corretora-medsenior\/blog\/#breadcrumb"},"inLanguage":"pt-BR","potentialAction":[{"@type":"ReadAction","target":["https:\/\/contratarplanosdesaude.com.br\/corretora-medsenior\/blog\/"]}]},{"@type":"BreadcrumbList","@id":"https:\/\/contratarplanosdesaude.com.br\/corretora-medsenior\/blog\/#breadcrumb","itemListElement":[{"@type":"ListItem","position":1,"name":"In\u00edcio","item":"https:\/\/contratarplanosdesaude.com.br\/corretora-medsenior\/"},{"@type":"ListItem","position":2,"name":"Blog"}]},{"@type":"WebSite","@id":"https:\/\/contratarplanosdesaude.com.br\/corretora-medsenior\/#website","url":"https:\/\/contratarplanosdesaude.com.br\/corretora-medsenior\/","name":"MedS\u00eanior","description":"Plano de sa\u00fade S\u00eanior","potentialAction":[{"@type":"SearchAction","target":{"@type":"EntryPoint","urlTemplate":"https:\/\/contratarplanosdesaude.com.br\/corretora-medsenior\/?s={search_term_string}"},"query-input":{"@type":"PropertyValueSpecification","valueRequired":true,"valueName":"search_term_string"}}],"inLanguage":"pt-BR"}]}},"_links":{"self":[{"href":"https:\/\/contratarplanosdesaude.com.br\/corretora-medsenior\/wp-json\/wp\/v2\/pages\/434","targetHints":{"allow":["GET"]}}],"collection":[{"href":"https:\/\/contratarplanosdesaude.com.br\/corretora-medsenior\/wp-json\/wp\/v2\/pages"}],"about":[{"href":"https:\/\/contratarplanosdesaude.com.br\/corretora-medsenior\/wp-json\/wp\/v2\/types\/page"}],"author":[{"embeddable":true,"href":"https:\/\/contratarplanosdesaude.com.br\/corretora-medsenior\/wp-json\/wp\/v2\/users\/2"}],"replies":[{"embeddable":true,"href":"https:\/\/contratarplanosdesaude.com.br\/corretora-medsenior\/wp-json\/wp\/v2\/comments?post=434"}],"version-history":[{"count":5,"href":"https:\/\/contratarplanosdesaude.com.br\/corretora-medsenior\/wp-json\/wp\/v2\/pages\/434\/revisions"}],"predecessor-version":[{"id":489,"href":"https:\/\/contratarplanosdesaude.com.br\/corretora-medsenior\/wp-json\/wp\/v2\/pages\/434\/revisions\/489"}],"wp:attachment":[{"href":"https:\/\/contratarplanosdesaude.com.br\/corretora-medsenior\/wp-json\/wp\/v2\/media?parent=434"}],"curies":[{"name":"wp","href":"https:\/\/api.w.org\/{rel}","templated":true}]}}